{"id":97,"date":"2016-08-25T16:54:44","date_gmt":"2016-08-25T15:54:44","guid":{"rendered":"http:\/\/psychologue-larochelle-rochefort.fr\/?page_id=97"},"modified":"2023-02-28T01:51:42","modified_gmt":"2023-02-28T00:51:42","slug":"bien-porter-bebe-peau-a-peau","status":"publish","type":"page","link":"http:\/\/psychologue-larochelle-rochefort.fr\/?page_id=97","title":{"rendered":"PORTAGE physiologique et psychique pour bien porter son b\u00e9b\u00e9 &#8211; le peau \u00e0 peau &#8211; accompagnements ind\/ groupe &#038; Formation agr\u00e9\u00e9e"},"content":{"rendered":"\n<p><\/p>\n\n\n<h4 class=\"font_8\"><a href=\"http:\/\/psychologue-larochelle-rochefort.fr\/wp-content\/uploads\/2020\/01\/site-portage.png\"><img loading=\"lazy\" decoding=\"async\" class=\"wp-image-759 alignleft\" src=\"http:\/\/psychologue-larochelle-rochefort.fr\/wp-content\/uploads\/2020\/01\/site-portage.png\" alt=\"\" width=\"213\" height=\"148\" srcset=\"http:\/\/psychologue-larochelle-rochefort.fr\/wp-content\/uploads\/2020\/01\/site-portage.png 323w, http:\/\/psychologue-larochelle-rochefort.fr\/wp-content\/uploads\/2020\/01\/site-portage-300x208.png 300w\" sizes=\"auto, (max-width: 213px) 100vw, 213px\" \/><\/a><\/h4>\n<h3 class=\"font_8\"><span style=\"color: #000080;\"><strong>Accompagnements en Portage <br \/>\u00e0 bras, avec moyens de portage, psychique &amp; Peau \u00e0 peau<\/strong><\/span><\/h3>\n<p>Form\u00e9e en Portage et peau \u00e0 peau :<br \/>&#8211; Octobre 2013 <strong>Formation de Monitrice de Portage IEFAP<\/strong>, dispens\u00e9e par\u00a0plusieurs intervenantes : une Kin\u00e9 ost\u00e9opathe, une psychomotricienne et deux formatrices en portage.<br \/>&#8211; Janvier 2015, formation Portage et Pr\u00e9maturit\u00e9 pour mieux accompagner des nouveaux n\u00e9s, les aider \u00e0 s&rsquo;enrouler, g\u00e9rer les reflux&#8230; et proposer des peaux \u00e0 peaux en portage en service de n\u00e9onatologie, en maternit\u00e9s, \u00a0et avec des nouveaux n\u00e9s en cabinet<br \/>&#8211; Mars 2015, formation d&rsquo;approfondissement du portage avec PSETUA et pr\u00e9ventions des d\u00e9formations cr\u00e2niennes.<br \/>&#8211; Juin 2016, M\u00e9moire avec cr\u00e9ation d&rsquo;un livret sur le peau \u00e0 peau en maternit\u00e9 et n\u00e9onatologie.<br \/>&#8211; printemps 2019, je suis formatrice pour bien porter les touts petits en structures Petite enfance (n\u00b0 de formatrice)<\/p>\n<h4><span style=\"text-decoration: underline;\"><span style=\"color: #339966; text-decoration: underline;\">La FORMATION en portage<\/span><\/span> s&rsquo;adresse aux <span style=\"text-decoration: underline;\">professionnel(le)s de sant\u00e9 ou petite enfance<\/span> (Assistantes Maternelles, cr\u00e8ches, HG, \u2026).<\/h4>\n<p>Elle ne permet pas de devenir \u00ab\u00a0animateur\/ animatrice d&rsquo;ateliers pour les parents\u00a0\u00bb mais permet d&rsquo;avoir des informations, techniques, astuces pour bien porter les jeunes enfants que vous rencontrez.<br \/>Un devis sera r\u00e9alis\u00e9 selon vos besoins, le nombre de participants et la dur\u00e9e de la formation.<br \/>Contact : Sabrina MAMOUN GAILLER au 06 26 68 61 78<\/p>\n<p><span style=\"text-decoration: underline;\">Les th\u00e9matiques abord\u00e9es<\/span> :<br \/>&#8211; le Peau \u00e0 peau (futurs parents)<br \/>&#8211; Petits gestes de massages (tous)<br \/>&#8211; les r\u00e8gles de s\u00e9curit\u00e9 en portage (tous)<br \/>&#8211; bien porter b\u00e9b\u00e9 \u00e0 bras (tous)<br \/>&#8211; les diff\u00e9rents Moyens de Portage (slings, \u00e9charpes tiss\u00e9es et tricot\u00e9es, mei ta\u00ef, pr\u00e9form\u00e9s, hybrides \u2026) (tous)<br \/>&#8211; les diff\u00e9rentes Techniques du Portage Physiologique (en fonction des besoins)<br \/>&#8211; Porter et Allaiter (pour mamans allaitantes ou souhaitant allaiter)<\/p>\n<p><strong>Accompagnements sp\u00e9cifiques portage physiologique \/ peau \u00e0 peau \/ balancements \/ portage psychique<\/strong>\u00a0 \u00a0pour :<br \/>&#8211; des B\u00e9b\u00e9s ayant des reflux (RGO)<br \/>&#8211; des B\u00e9b\u00e9s hyper ou hypotoniques (hyperextension)<br \/>&#8211; des B\u00e9b\u00e9s n\u00e9s Pr\u00e9matur\u00e9s<br \/>&#8211; des B\u00e9b\u00e9s en sevrage<br \/>&#8211; des B\u00e9b\u00e9s en stress &#8230;<\/p>\n<p>\u00a0<\/p>\n<p><a href=\"http:\/\/psychologue-larochelle-rochefort.fr\/wp-content\/uploads\/2019\/12\/FB_IMG_15776737332121008.jpg\"><img loading=\"lazy\" decoding=\"async\" class=\"alignnone  wp-image-637\" src=\"http:\/\/psychologue-larochelle-rochefort.fr\/wp-content\/uploads\/2019\/12\/FB_IMG_15776737332121008.jpg\" alt=\"\" width=\"299\" height=\"168\" srcset=\"http:\/\/psychologue-larochelle-rochefort.fr\/wp-content\/uploads\/2019\/12\/FB_IMG_15776737332121008.jpg 960w, http:\/\/psychologue-larochelle-rochefort.fr\/wp-content\/uploads\/2019\/12\/FB_IMG_15776737332121008-300x169.jpg 300w, http:\/\/psychologue-larochelle-rochefort.fr\/wp-content\/uploads\/2019\/12\/FB_IMG_15776737332121008-768x432.jpg 768w\" sizes=\"auto, (max-width: 299px) 100vw, 299px\" \/><\/a><\/p>\n<p>&#8211; avant d&rsquo;accoucher, l&rsquo;atelier portage,<br \/>vous permettra de d\u00e9couvrir les r\u00e8gles de s\u00e9curit\u00e9 du portage physiologique, comment positionner son b\u00e9b\u00e9, les diff\u00e9rents moyens de portage existant.<br \/>Vous pourrez alors les tester avec 2\u00a0poupons lest\u00e9s repr\u00e9sentant un nouveau n\u00e9 avec un poids de 3kg<br \/>Ainsi, vous pourrez accueillir votre b\u00e9b\u00e9 et le porter d\u00e8s la naissance.<\/p>\n<p>&#8211; Toutefois il est bien \u00e9videmment possible d&rsquo;apprendre \u00e0 porter votre b\u00e9b\u00e9 \u00e0 tout moment.<br \/>Vous pouvez venir en atelier avec votre b\u00e9b\u00e9 aussit\u00f4t sortie de la maternit\u00e9 ou d\u00e8s que vous le souhaiterez.<\/p>\n<p>Les ateliers sont adapt\u00e9s \u00e0 chaque besoin des parents.<br \/>L&rsquo;espace est adapt\u00e9 avec tapis, jeux de touts petits, doomoo, table \u00e0 langer, &#8230;<br \/>ascenseur et espace si vous avez une poussette.<\/p>\n<h4 class=\"font_8\"><strong><span style=\"color: #008080;\"><a href=\"http:\/\/psychologue-larochelle-rochefort.fr\/wp-content\/uploads\/2016\/08\/397861_365043516856176_1682916141_n.jpg\"><img loading=\"lazy\" decoding=\"async\" class=\"wp-image-220 alignright\" src=\"http:\/\/psychologue-larochelle-rochefort.fr\/wp-content\/uploads\/2016\/08\/397861_365043516856176_1682916141_n-300x276.jpg\" alt=\"\" width=\"170\" height=\"156\" srcset=\"http:\/\/psychologue-larochelle-rochefort.fr\/wp-content\/uploads\/2016\/08\/397861_365043516856176_1682916141_n-300x276.jpg 300w, http:\/\/psychologue-larochelle-rochefort.fr\/wp-content\/uploads\/2016\/08\/397861_365043516856176_1682916141_n.jpg 510w\" sizes=\"auto, (max-width: 170px) 100vw, 170px\" \/><\/a><\/span><\/strong><\/h4>\n<h4><span style=\"text-decoration: underline;\"><span style=\"color: #008080; text-decoration: underline;\"><strong>&#8211; Atelier Portage Collectif\u00a0<\/strong><\/span><\/span><\/h4>\n<h3><span style=\"color: #ff0000;\"><strong>P\u00e9riode vacances scolaires\u00a0<\/strong><\/span><\/h3>\n<p><span style=\"color: #333333;\">de 3\/4 adultes : femmes enceintes et\/ ou parents avec b\u00e9b\u00e9s ).<br \/>L\u2019atelier groupe est de 20\u20ac * par adulte, pour un atelier d\u2019environ 1H45<strong>.<br \/><\/strong><\/span><\/p>\n<h4><span style=\"text-decoration: underline;\"><span style=\"color: #008080; text-decoration: underline;\"><strong>&#8211; Accompagnement individuel ou en couple et individualis\u00e9<\/strong> <\/span><\/span>:<\/h4>\n<p><span style=\"color: #333333;\">C&rsquo;est une s\u00e9ance pour vous, \u00a0avec ou sans votre b\u00e9b\u00e9 s&rsquo;il n&rsquo;est pas encore n\u00e9.<br \/><\/span><span style=\"color: #333333;\">Il s&rsquo;agit d&rsquo;une s\u00e9ance individuelle \/ en couple d&rsquo;accompagnement p\u00e9rinatal au tarif consultation de soutien et d&rsquo;accompagnement en p\u00e9rinatalit\u00e9 (prise en charge possible)<br \/>Elle dure 1h15\/1h30 selon vos besoins <\/span><span style=\"color: #333333;\">et elle a lieu sur RDV au cabinet de St Vivien (P\u00f4le M\u00e9dical Centre Atlantic) (Le cabinet est adapt\u00e9 pour accueillir des b\u00e9b\u00e9s : espace b\u00e9b\u00e9 avec \u00ab\u00a0transat\u00a0\u00bb doomoo, portiques, tapis, jeux &#8230;, table \u00e0 langer)<br \/>La s\u00e9ance est \u00e9galement possible \u00e0 votre domicile sur Rochefort avec un surplus et sur \u00a0RDV<\/span><\/p>\n<p>* Location possible \u00e0 partir de 5\u20ac pour 8\/10 jours + ch\u00e8que caution (avec contrat de location)<\/p>\n<p class=\"font_8\">Il est possible d&rsquo;offrir des <strong>BONS CADEAU<\/strong> <br \/>(il me faudra alors m&rsquo;indiquer la date de naissance ou date pr\u00e9vue d&rsquo;accouchement du b\u00e9b\u00e9, le nom et pr\u00e9noms des parents et de l&rsquo;enfant si vous le savez ;).\u00a0 Ils devront me contacter dans les 6 mois maximum apr\u00e8s la naissance de leur enfant et\u00a0 prendre RDV environ un mois avant pour fixer les RDV)\u00a0<\/p>\n<p class=\"font_8\">R\u00e8glement : ch\u00e8que(s), esp\u00e8ces ou en ligne<br \/>* les s\u00e9ances ne sont pas remboursables\u00a0<\/p>\n<h4>Pour s&rsquo;inscrire \u00e0 une s\u00e9ance d&rsquo; Accompagnement p\u00e9rinatal option PORTAGE, veuillez contacter <span style=\"color: #333399;\">Sabrina MAMOUN GAILLER<\/span> <br \/>au <span style=\"color: #333399;\">06 26 68 61 78<\/span><\/h4>\n<p><a href=\"http:\/\/psychologue-larochelle-rochefort.fr\/wp-content\/uploads\/2016\/08\/flyer-atelier-portage-site.jpg\"><img loading=\"lazy\" decoding=\"async\" class=\"alignnone wp-image-286\" src=\"http:\/\/psychologue-larochelle-rochefort.fr\/wp-content\/uploads\/2016\/08\/flyer-atelier-portage-site-228x300.jpg\" alt=\"\" width=\"364\" height=\"479\" srcset=\"http:\/\/psychologue-larochelle-rochefort.fr\/wp-content\/uploads\/2016\/08\/flyer-atelier-portage-site-228x300.jpg 228w, http:\/\/psychologue-larochelle-rochefort.fr\/wp-content\/uploads\/2016\/08\/flyer-atelier-portage-site.jpg 580w\" sizes=\"auto, (max-width: 364px) 100vw, 364px\" \/><\/a><\/p>\n<h4>\u00a0<\/h4>\n\n\n<a href=\"https:\/\/www.doctolib.fr\/psychologue\/saint-vivien\/sabrina-mamoun-gailler?utm_campaign=website-button&amp;utm_source=sabrina-mamoun-gailler-website-button&amp;utm_medium=referral&amp;utm_content=option-5&amp;utm_term=sabrina-mamoun-gailler\" style=\"display:block;text-align:center;background-color:#0596DE;color:#ffffff;font-size:14px;overflow:hidden;width:257px;height:40px;border-bottom-right-radius:none;border-bottom-left-radius:none;position:fixed;bottom:0;right:5px;z-index:1000;border-top-left-radius:4px;border-top-right-radius:4px;line-height:40px\" target=\"_blank\" data-reactroot=\"\" rel=\"noopener noreferrer\"><span style=\"font-size:13px\">Prendre rendez-vous en ligne<\/span><img decoding=\"async\" style=\"height:15px;margin-bottom:3px;vertical-align:middle;width:auto\" src=\"https:\/\/pro.doctolib.fr\/external_button\/doctolib-white-transparent.png\" alt=\"Doctolib\"><\/a>\n","protected":false},"excerpt":{"rendered":"<p>Accompagnements en Portage \u00e0 bras, avec moyens de portage, psychique &amp; Peau \u00e0 peau Form\u00e9e en Portage et peau \u00e0 peau :&#8211; Octobre 2013 Formation de Monitrice de Portage IEFAP, dispens\u00e9e par\u00a0plusieurs intervenantes : une Kin\u00e9 ost\u00e9opathe, une psychomotricienne et deux formatrices en portage.&#8211; Janvier 2015, formation Portage et Pr\u00e9maturit\u00e9 pour mieux accompagner des nouveaux &hellip; <\/p>\n<p><a class=\"more-link btn\" href=\"http:\/\/psychologue-larochelle-rochefort.fr\/?page_id=97\">Lire la suite<\/a><\/p>\n","protected":false},"author":1,"featured_media":0,"parent":677,"menu_order":2,"comment_status":"closed","ping_status":"closed","template":"template-twocolumnsright.php","meta":{"footnotes":""},"class_list":["post-97","page","type-page","status-publish","hentry","nodate","item-wrap"],"yoast_head":"<!-- This site is optimized with the Yoast SEO plugin v20.1 - https:\/\/yoast.com\/wordpress\/plugins\/seo\/ -->\n<title>PORTAGE physiologique et psychique pour bien porter son b\u00e9b\u00e9 - le peau \u00e0 peau - accompagnements ind\/ groupe &amp; Formation agr\u00e9\u00e9e -<\/title>\n<meta name=\"robots\" content=\"index, follow, max-snippet:-1, max-image-preview:large, max-video-preview:-1\" \/>\n<link rel=\"canonical\" href=\"https:\/\/psychologue-larochelle-rochefort.fr\/?page_id=97\" \/>\n<meta property=\"og:locale\" content=\"fr_FR\" \/>\n<meta property=\"og:type\" content=\"article\" \/>\n<meta property=\"og:title\" content=\"PORTAGE physiologique et psychique pour bien porter son b\u00e9b\u00e9 - le peau \u00e0 peau - accompagnements ind\/ groupe &amp; Formation agr\u00e9\u00e9e -\" \/>\n<meta property=\"og:description\" content=\"Accompagnements en Portage \u00e0 bras, avec moyens de portage, psychique &amp; Peau \u00e0 peau Form\u00e9e en Portage et peau \u00e0 peau :&#8211; Octobre 2013 Formation de Monitrice de Portage IEFAP, dispens\u00e9e par\u00a0plusieurs intervenantes : une Kin\u00e9 ost\u00e9opathe, une psychomotricienne et deux formatrices en portage.&#8211; Janvier 2015, formation Portage et Pr\u00e9maturit\u00e9 pour mieux accompagner des nouveaux &hellip; Lire la suite\" \/>\n<meta property=\"og:url\" content=\"https:\/\/psychologue-larochelle-rochefort.fr\/?page_id=97\" \/>\n<meta property=\"article:modified_time\" content=\"2023-02-28T00:51:42+00:00\" \/>\n<meta property=\"og:image\" content=\"http:\/\/psychologue-larochelle-rochefort.fr\/wp-content\/uploads\/2020\/01\/site-portage.png\" \/>\n<meta name=\"twitter:label1\" content=\"Dur\u00e9e de lecture estim\u00e9e\" \/>\n\t<meta name=\"twitter:data1\" content=\"5 minutes\" \/>\n<script type=\"application\/ld+json\" class=\"yoast-schema-graph\">{\"@context\":\"https:\/\/schema.org\",\"@graph\":[{\"@type\":\"WebPage\",\"@id\":\"https:\/\/psychologue-larochelle-rochefort.fr\/?page_id=97\",\"url\":\"https:\/\/psychologue-larochelle-rochefort.fr\/?page_id=97\",\"name\":\"PORTAGE physiologique et psychique pour bien porter son b\u00e9b\u00e9 - le peau \u00e0 peau - accompagnements ind\/ groupe & Formation agr\u00e9\u00e9e -\",\"isPartOf\":{\"@id\":\"https:\/\/psychologue-larochelle-rochefort.fr\/#website\"},\"datePublished\":\"2016-08-25T15:54:44+00:00\",\"dateModified\":\"2023-02-28T00:51:42+00:00\",\"breadcrumb\":{\"@id\":\"https:\/\/psychologue-larochelle-rochefort.fr\/?page_id=97#breadcrumb\"},\"inLanguage\":\"fr-FR\",\"potentialAction\":[{\"@type\":\"ReadAction\",\"target\":[\"https:\/\/psychologue-larochelle-rochefort.fr\/?page_id=97\"]}]},{\"@type\":\"BreadcrumbList\",\"@id\":\"https:\/\/psychologue-larochelle-rochefort.fr\/?page_id=97#breadcrumb\",\"itemListElement\":[{\"@type\":\"ListItem\",\"position\":1,\"name\":\"Accueil\",\"item\":\"https:\/\/psychologue-larochelle-rochefort.fr\/\"},{\"@type\":\"ListItem\",\"position\":2,\"name\":\"ATELIERS \/ FORMATIONS \/ GROUPES de PAROLE \u2026 AU CABINET &#8211; EN STRUCTURES &#8211; EN LIGNE\",\"item\":\"http:\/\/psychologue-larochelle-rochefort.fr\/?page_id=677\"},{\"@type\":\"ListItem\",\"position\":3,\"name\":\"PORTAGE physiologique et psychique pour bien porter son b\u00e9b\u00e9 &#8211; le peau \u00e0 peau &#8211; accompagnements ind\/ groupe &#038; Formation agr\u00e9\u00e9e\"}]},{\"@type\":\"WebSite\",\"@id\":\"https:\/\/psychologue-larochelle-rochefort.fr\/#website\",\"url\":\"https:\/\/psychologue-larochelle-rochefort.fr\/\",\"name\":\"\",\"description\":\"Cabinet de Psychologie\",\"potentialAction\":[{\"@type\":\"SearchAction\",\"target\":{\"@type\":\"EntryPoint\",\"urlTemplate\":\"https:\/\/psychologue-larochelle-rochefort.fr\/?s={search_term_string}\"},\"query-input\":\"required name=search_term_string\"}],\"inLanguage\":\"fr-FR\"}]}<\/script>\n<!-- \/ Yoast SEO plugin. -->","yoast_head_json":{"title":"PORTAGE physiologique et psychique pour bien porter son b\u00e9b\u00e9 - le peau \u00e0 peau - accompagnements ind\/ groupe & Formation agr\u00e9\u00e9e -","robots":{"index":"index","follow":"follow","max-snippet":"max-snippet:-1","max-image-preview":"max-image-preview:large","max-video-preview":"max-video-preview:-1"},"canonical":"https:\/\/psychologue-larochelle-rochefort.fr\/?page_id=97","og_locale":"fr_FR","og_type":"article","og_title":"PORTAGE physiologique et psychique pour bien porter son b\u00e9b\u00e9 - le peau \u00e0 peau - accompagnements ind\/ groupe & Formation agr\u00e9\u00e9e -","og_description":"Accompagnements en Portage \u00e0 bras, avec moyens de portage, psychique &amp; Peau \u00e0 peau Form\u00e9e en Portage et peau \u00e0 peau :&#8211; Octobre 2013 Formation de Monitrice de Portage IEFAP, dispens\u00e9e par\u00a0plusieurs intervenantes : une Kin\u00e9 ost\u00e9opathe, une psychomotricienne et deux formatrices en portage.&#8211; Janvier 2015, formation Portage et Pr\u00e9maturit\u00e9 pour mieux accompagner des nouveaux &hellip; Lire la suite","og_url":"https:\/\/psychologue-larochelle-rochefort.fr\/?page_id=97","article_modified_time":"2023-02-28T00:51:42+00:00","og_image":[{"url":"http:\/\/psychologue-larochelle-rochefort.fr\/wp-content\/uploads\/2020\/01\/site-portage.png"}],"twitter_misc":{"Dur\u00e9e de lecture estim\u00e9e":"5 minutes"},"schema":{"@context":"https:\/\/schema.org","@graph":[{"@type":"WebPage","@id":"https:\/\/psychologue-larochelle-rochefort.fr\/?page_id=97","url":"https:\/\/psychologue-larochelle-rochefort.fr\/?page_id=97","name":"PORTAGE physiologique et psychique pour bien porter son b\u00e9b\u00e9 - le peau \u00e0 peau - accompagnements ind\/ groupe & Formation agr\u00e9\u00e9e -","isPartOf":{"@id":"https:\/\/psychologue-larochelle-rochefort.fr\/#website"},"datePublished":"2016-08-25T15:54:44+00:00","dateModified":"2023-02-28T00:51:42+00:00","breadcrumb":{"@id":"https:\/\/psychologue-larochelle-rochefort.fr\/?page_id=97#breadcrumb"},"inLanguage":"fr-FR","potentialAction":[{"@type":"ReadAction","target":["https:\/\/psychologue-larochelle-rochefort.fr\/?page_id=97"]}]},{"@type":"BreadcrumbList","@id":"https:\/\/psychologue-larochelle-rochefort.fr\/?page_id=97#breadcrumb","itemListElement":[{"@type":"ListItem","position":1,"name":"Accueil","item":"https:\/\/psychologue-larochelle-rochefort.fr\/"},{"@type":"ListItem","position":2,"name":"ATELIERS \/ FORMATIONS \/ GROUPES de PAROLE \u2026 AU CABINET &#8211; EN STRUCTURES &#8211; EN LIGNE","item":"http:\/\/psychologue-larochelle-rochefort.fr\/?page_id=677"},{"@type":"ListItem","position":3,"name":"PORTAGE physiologique et psychique pour bien porter son b\u00e9b\u00e9 &#8211; le peau \u00e0 peau &#8211; accompagnements ind\/ groupe &#038; Formation agr\u00e9\u00e9e"}]},{"@type":"WebSite","@id":"https:\/\/psychologue-larochelle-rochefort.fr\/#website","url":"https:\/\/psychologue-larochelle-rochefort.fr\/","name":"","description":"Cabinet de Psychologie","potentialAction":[{"@type":"SearchAction","target":{"@type":"EntryPoint","urlTemplate":"https:\/\/psychologue-larochelle-rochefort.fr\/?s={search_term_string}"},"query-input":"required name=search_term_string"}],"inLanguage":"fr-FR"}]}},"_links":{"self":[{"href":"http:\/\/psychologue-larochelle-rochefort.fr\/index.php?rest_route=\/wp\/v2\/pages\/97","targetHints":{"allow":["GET"]}}],"collection":[{"href":"http:\/\/psychologue-larochelle-rochefort.fr\/index.php?rest_route=\/wp\/v2\/pages"}],"about":[{"href":"http:\/\/psychologue-larochelle-rochefort.fr\/index.php?rest_route=\/wp\/v2\/types\/page"}],"author":[{"embeddable":true,"href":"http:\/\/psychologue-larochelle-rochefort.fr\/index.php?rest_route=\/wp\/v2\/users\/1"}],"replies":[{"embeddable":true,"href":"http:\/\/psychologue-larochelle-rochefort.fr\/index.php?rest_route=%2Fwp%2Fv2%2Fcomments&post=97"}],"version-history":[{"count":54,"href":"http:\/\/psychologue-larochelle-rochefort.fr\/index.php?rest_route=\/wp\/v2\/pages\/97\/revisions"}],"predecessor-version":[{"id":1628,"href":"http:\/\/psychologue-larochelle-rochefort.fr\/index.php?rest_route=\/wp\/v2\/pages\/97\/revisions\/1628"}],"up":[{"embeddable":true,"href":"http:\/\/psychologue-larochelle-rochefort.fr\/index.php?rest_route=\/wp\/v2\/pages\/677"}],"wp:attachment":[{"href":"http:\/\/psychologue-larochelle-rochefort.fr\/index.php?rest_route=%2Fwp%2Fv2%2Fmedia&parent=97"}],"curies":[{"name":"wp","href":"https:\/\/api.w.org\/{rel}","templated":true}]}}